{"id":55,"date":"2024-02-23T15:39:32","date_gmt":"2024-02-23T14:39:32","guid":{"rendered":"https:\/\/museeaeronaval.com\/?page_id=55"},"modified":"2024-09-21T09:08:41","modified_gmt":"2024-09-21T07:08:41","slug":"historique-2","status":"publish","type":"page","link":"https:\/\/museeaeronaval.com\/?page_id=55","title":{"rendered":"Historique"},"content":{"rendered":"\t\t<div data-elementor-type=\"wp-page\" data-elementor-id=\"55\" class=\"elementor elementor-55\" data-elementor-post-type=\"page\">\n\t\t\t\t<div class=\"elementor-element elementor-element-7a43600 e-flex e-con-boxed e-con e-parent\" data-id=\"7a43600\" data-element_type=\"container\" data-e-type=\"container\">\n\t\t\t\t\t<div class=\"e-con-inner\">\n\t\t\t\t<div class=\"elementor-element elementor-element-d6b4595 elementor-widget elementor-widget-heading\" data-id=\"d6b4595\" data-element_type=\"widget\" data-e-type=\"widget\" data-widget_type=\"heading.default\">\n\t\t\t\t<div class=\"elementor-widget-container\">\n\t\t\t\t\t<h3 class=\"elementor-heading-title elementor-size-default\">Historique<\/h3>\t\t\t\t<\/div>\n\t\t\t\t<\/div>\n\t\t\t\t\t<\/div>\n\t\t\t\t<\/div>\n\t\t<div class=\"elementor-element elementor-element-7ef0013 e-flex e-con-boxed e-con e-parent\" data-id=\"7ef0013\" data-element_type=\"container\" data-e-type=\"container\">\n\t\t\t\t\t<div class=\"e-con-inner\">\n\t\t\t\t<div class=\"elementor-element elementor-element-8cb7009 elementor-widget elementor-widget-heading\" data-id=\"8cb7009\" data-element_type=\"widget\" data-e-type=\"widget\" data-widget_type=\"heading.default\">\n\t\t\t\t<div class=\"elementor-widget-container\">\n\t\t\t\t\t<h5 class=\"elementor-heading-title elementor-size-default\">Le site<\/h5>\t\t\t\t<\/div>\n\t\t\t\t<\/div>\n\t\t\t\t\t<\/div>\n\t\t\t\t<\/div>\n\t\t<div class=\"elementor-element elementor-element-f32598e e-flex e-con-boxed e-con e-parent\" data-id=\"f32598e\" data-element_type=\"container\" data-e-type=\"container\">\n\t\t\t\t\t<div class=\"e-con-inner\">\n\t\t\t\t<div class=\"elementor-element elementor-element-197fd1d elementor-widget elementor-widget-text-editor\" data-id=\"197fd1d\" data-element_type=\"widget\" data-e-type=\"widget\" data-widget_type=\"text-editor.default\">\n\t\t\t\t<div class=\"elementor-widget-container\">\n\t\t\t\t\t\t\t\t\t<ul><li><span style=\"font-family: arial, helvetica, sans-serif;\">1910 : pour la premi\u00e8re fois, Andr\u00e9 Bellot s&#8217;envole de Rochefort, avec un biplan Voisin. La Marine acquiert son premier avion pour 25.000 francs, un biplan Henri Farman. La m\u00eame ann\u00e9e, l&#8217;\u00e9cole de pilotage de Vincennes accueille sept officiers de la Marine.\u00a0<\/span><br \/><span style=\"font-family: arial, helvetica, sans-serif;\">Le croiseur &#8221; La Foudre &#8221; devient le premier porte-hydravions au monde.<\/span><\/li><li><span style=\"font-family: arial, helvetica, sans-serif;\">1912 : cr\u00e9ation par d\u00e9cret de l&#8217;Aviation maritime<\/span><\/li><li><span style=\"font-family: arial, helvetica, sans-serif;\">1916 : cr\u00e9ation de la base, avec la construction de hangars destin\u00e9s \u00e0 abriter des ballons dirigeables. (tous les ballons de l&#8217;arm\u00e9e sont affect\u00e9s \u00e0 Rochefort)<\/span><\/li><li><span style=\"font-family: arial, helvetica, sans-serif;\">1923 : le Centre \u00e9cole ad&#8217;A\u00e9rostation Maritime devient le Centre Ecole d&#8217;Aviation Maritime.<\/span><\/li><li><span style=\"font-family: arial, helvetica, sans-serif;\">1933 : l&#8217;arm\u00e9e de l&#8217;Air implante son \u00e9cole de m\u00e9caniciens. Elle quittera le site en 1981, pour s&#8217;implanter sur le site de St-Agnant.<\/span><\/li><li><span style=\"font-family: arial, helvetica, sans-serif;\">2002 : en juillet, fermeture du C.E.A.N ( les formations sont assur\u00e9es par l&#8217; arm\u00e9e de l&#8217; Air : <a href=\"http:\/\/www.efsoaa.air.defense.gouv.fr\/\">E.F.S.O.A.A<\/a>).<\/span><\/li><li><span style=\"font-family: arial, helvetica, sans-serif;\">2016 : le 21 mai, inauguration de la route d&#8217;acc\u00e8s au mus\u00e9e par le pr\u00e9sident du conseil d\u00e9partemental de la Charente-Maritime, Dominique Bussereau.<\/span><\/li><\/ul>\t\t\t\t\t\t\t\t<\/div>\n\t\t\t\t<\/div>\n\t\t\t\t\t<\/div>\n\t\t\t\t<\/div>\n\t\t<div class=\"elementor-element elementor-element-452cab7 e-flex e-con-boxed e-con e-parent\" data-id=\"452cab7\" data-element_type=\"container\" data-e-type=\"container\">\n\t\t\t\t\t<div class=\"e-con-inner\">\n\t\t\t\t<div class=\"elementor-element elementor-element-b8973a7 elementor-widget elementor-widget-image\" data-id=\"b8973a7\" data-element_type=\"widget\" data-e-type=\"widget\" data-widget_type=\"image.default\">\n\t\t\t\t<div class=\"elementor-widget-container\">\n\t\t\t\t\t\t\t\t\t\t\t\t<figure class=\"wp-caption\">\n\t\t\t\t\t\t\t\t\t\t<img decoding=\"async\" width=\"136\" height=\"96\" src=\"https:\/\/museeaeronaval.com\/wp-content\/uploads\/2024\/03\/le-site.jpg\" class=\"attachment-large size-large wp-image-613\" alt=\"musee aeronautique navale\" \/>\t\t\t\t\t\t\t\t\t\t\t<figcaption class=\"widget-image-caption wp-caption-text\">Inauguration de la route \nd'acc\u00e8s au mus\u00e9e<\/figcaption>\n\t\t\t\t\t\t\t\t\t\t<\/figure>\n\t\t\t\t\t\t\t\t\t<\/div>\n\t\t\t\t<\/div>\n\t\t\t\t\t<\/div>\n\t\t\t\t<\/div>\n\t\t<div class=\"elementor-element elementor-element-0909937 e-flex e-con-boxed e-con e-parent\" data-id=\"0909937\" data-element_type=\"container\" data-e-type=\"container\">\n\t\t\t\t\t<div class=\"e-con-inner\">\n\t\t\t\t<div class=\"elementor-element elementor-element-59c7f73 elementor-widget elementor-widget-text-editor\" data-id=\"59c7f73\" data-element_type=\"widget\" data-e-type=\"widget\" data-widget_type=\"text-editor.default\">\n\t\t\t\t<div class=\"elementor-widget-container\">\n\t\t\t\t\t\t\t\t\t<ul><li><span style=\"font-family: arial, helvetica, sans-serif;\">2019 : Grand prix du Patrimoine (Coupe Secamic) d\u00e9cern\u00e9 par l&#8217;A\u00e9roclub de France pour la restauration du SNCASE Aquilon 203.<\/span><\/li><\/ul>\t\t\t\t\t\t\t\t<\/div>\n\t\t\t\t<\/div>\n\t\t\t\t\t<\/div>\n\t\t\t\t<\/div>\n\t\t<div class=\"elementor-element elementor-element-f036b3f e-flex e-con-boxed e-con e-parent\" data-id=\"f036b3f\" data-element_type=\"container\" data-e-type=\"container\">\n\t\t\t\t\t<div class=\"e-con-inner\">\n\t\t\t\t<div class=\"elementor-element elementor-element-b40230d elementor-widget elementor-widget-text-editor\" data-id=\"b40230d\" data-element_type=\"widget\" data-e-type=\"widget\" data-widget_type=\"text-editor.default\">\n\t\t\t\t<div class=\"elementor-widget-container\">\n\t\t\t\t\t\t\t\t\t<p style=\"text-align: center;\"><span style=\"color: #1e90ff;\">__________________________________________<\/span><\/p>\t\t\t\t\t\t\t\t<\/div>\n\t\t\t\t<\/div>\n\t\t\t\t\t<\/div>\n\t\t\t\t<\/div>\n\t\t<div class=\"elementor-element elementor-element-efee0f1 e-flex e-con-boxed e-con e-parent\" data-id=\"efee0f1\" data-element_type=\"container\" data-e-type=\"container\">\n\t\t\t\t\t<div class=\"e-con-inner\">\n\t\t\t\t<div class=\"elementor-element elementor-element-6d48cff elementor-widget elementor-widget-heading\" data-id=\"6d48cff\" data-element_type=\"widget\" data-e-type=\"widget\" data-widget_type=\"heading.default\">\n\t\t\t\t<div class=\"elementor-widget-container\">\n\t\t\t\t\t<h5 class=\"elementor-heading-title elementor-size-default\">Des ballons<\/h5>\t\t\t\t<\/div>\n\t\t\t\t<\/div>\n\t\t\t\t\t<\/div>\n\t\t\t\t<\/div>\n\t\t<div class=\"elementor-element elementor-element-3ce56af e-flex e-con-boxed e-con e-parent\" data-id=\"3ce56af\" data-element_type=\"container\" data-e-type=\"container\">\n\t\t\t\t\t<div class=\"e-con-inner\">\n\t\t<div class=\"elementor-element elementor-element-c054ab8 e-con-full e-flex e-con e-child\" data-id=\"c054ab8\" data-element_type=\"container\" data-e-type=\"container\">\n\t\t\t\t<div class=\"elementor-element elementor-element-8b3217d elementor-widget elementor-widget-image\" data-id=\"8b3217d\" data-element_type=\"widget\" data-e-type=\"widget\" data-widget_type=\"image.default\">\n\t\t\t\t<div class=\"elementor-widget-container\">\n\t\t\t\t\t\t\t\t\t\t\t\t<figure class=\"wp-caption\">\n\t\t\t\t\t\t\t\t\t\t<img decoding=\"async\" width=\"180\" height=\"131\" src=\"https:\/\/museeaeronaval.com\/wp-content\/uploads\/2024\/03\/Ballons-1.jpg\" class=\"attachment-large size-large wp-image-615\" alt=\"musee de l&#039;aeronautique navale\" \/>\t\t\t\t\t\t\t\t\t\t\t<figcaption class=\"widget-image-caption wp-caption-text\">Mise en oeuvre d'un\nballon dirigeable<\/figcaption>\n\t\t\t\t\t\t\t\t\t\t<\/figure>\n\t\t\t\t\t\t\t\t\t<\/div>\n\t\t\t\t<\/div>\n\t\t\t\t<\/div>\n\t\t<div class=\"elementor-element elementor-element-07c8dd3 e-con-full e-flex e-con e-child\" data-id=\"07c8dd3\" data-element_type=\"container\" data-e-type=\"container\">\n\t\t\t\t<div class=\"elementor-element elementor-element-78eb7ac elementor-widget elementor-widget-text-editor\" data-id=\"78eb7ac\" data-element_type=\"widget\" data-e-type=\"widget\" data-widget_type=\"text-editor.default\">\n\t\t\t\t<div class=\"elementor-widget-container\">\n\t\t\t\t\t\t\t\t\t<p><span style=\"font-size: 12pt; font-family: arial, helvetica, sans-serif;\">Au cours de la Premi\u00e8re Guerre mondiale, la Marine utilise des dirigeables souples dont le cubage varie entre 2800 et 7600 m\u00e8tres cubes.<\/span><\/p><p><span style=\"font-family: arial, helvetica, sans-serif; font-size: 12pt;\">A la fin du premier conflit mondial, la France re\u00e7oit en compensation des dommages de guerre, deux Zeppelin allemands : le Dixmude et le M\u00e9diterran\u00e9e. Ce dernier se pose \u00e0 Rochefort en 1923. Ses 220 m\u00e8tres de long auront du mal \u00e0 se loger dans le hangar &#8220;Astra&#8221;, qui abritera le mus\u00e9e jusqu&#8217;en 1999.\u00a0\u00a0<\/span><\/p><p><span style=\"font-size: 12pt; font-family: arial, helvetica, sans-serif;\">Rochefort aura \u00e9t\u00e9 le seul et dernier centre d&#8217;a\u00e9rostation \u00e0 fonctionner apr\u00e8s 1931.Les ballons dispara\u00eetront d\u00e9finitivement du ciel charentais en 1937.<\/span><\/p>\t\t\t\t\t\t\t\t<\/div>\n\t\t\t\t<\/div>\n\t\t\t\t<\/div>\n\t\t\t\t\t<\/div>\n\t\t\t\t<\/div>\n\t\t<div class=\"elementor-element elementor-element-9ed7e43 e-flex e-con-boxed e-con e-parent\" data-id=\"9ed7e43\" data-element_type=\"container\" data-e-type=\"container\">\n\t\t\t\t\t<div class=\"e-con-inner\">\n\t\t\t\t<div class=\"elementor-element elementor-element-0fd73e0 elementor-widget elementor-widget-text-editor\" data-id=\"0fd73e0\" data-element_type=\"widget\" data-e-type=\"widget\" data-widget_type=\"text-editor.default\">\n\t\t\t\t<div class=\"elementor-widget-container\">\n\t\t\t\t\t\t\t\t\t<p style=\"text-align: center;\"><span style=\"color: #1e90ff;\">__________________________________________<\/span><\/p>\t\t\t\t\t\t\t\t<\/div>\n\t\t\t\t<\/div>\n\t\t\t\t\t<\/div>\n\t\t\t\t<\/div>\n\t\t<div class=\"elementor-element elementor-element-9bb9bc8 e-flex e-con-boxed e-con e-parent\" data-id=\"9bb9bc8\" data-element_type=\"container\" data-e-type=\"container\">\n\t\t\t\t\t<div class=\"e-con-inner\">\n\t\t\t\t<div class=\"elementor-element elementor-element-5fe2298 elementor-widget elementor-widget-heading\" data-id=\"5fe2298\" data-element_type=\"widget\" data-e-type=\"widget\" data-widget_type=\"heading.default\">\n\t\t\t\t<div class=\"elementor-widget-container\">\n\t\t\t\t\t<h5 class=\"elementor-heading-title elementor-size-default\">La guerre<\/h5>\t\t\t\t<\/div>\n\t\t\t\t<\/div>\n\t\t\t\t\t<\/div>\n\t\t\t\t<\/div>\n\t\t<div class=\"elementor-element elementor-element-99a6555 e-flex e-con-boxed e-con e-parent\" data-id=\"99a6555\" data-element_type=\"container\" data-e-type=\"container\">\n\t\t\t\t\t<div class=\"e-con-inner\">\n\t\t<div class=\"elementor-element elementor-element-415a479 e-con-full e-flex e-con e-child\" data-id=\"415a479\" data-element_type=\"container\" data-e-type=\"container\">\n\t\t\t\t<div class=\"elementor-element elementor-element-9564053 elementor-widget elementor-widget-image\" data-id=\"9564053\" data-element_type=\"widget\" data-e-type=\"widget\" data-widget_type=\"image.default\">\n\t\t\t\t<div class=\"elementor-widget-container\">\n\t\t\t\t\t\t\t\t\t\t\t\t<figure class=\"wp-caption\">\n\t\t\t\t\t\t\t\t\t\t<img decoding=\"async\" width=\"180\" height=\"119\" src=\"https:\/\/museeaeronaval.com\/wp-content\/uploads\/2024\/03\/Guerre-Hangar.jpg\" class=\"attachment-large size-large wp-image-616\" alt=\"Musee de l&#039;aeronautique navale\" \/>\t\t\t\t\t\t\t\t\t\t\t<figcaption class=\"widget-image-caption wp-caption-text\">Hangars et avions d\u00e9truits\nJuin 1940<\/figcaption>\n\t\t\t\t\t\t\t\t\t\t<\/figure>\n\t\t\t\t\t\t\t\t\t<\/div>\n\t\t\t\t<\/div>\n\t\t\t\t<\/div>\n\t\t<div class=\"elementor-element elementor-element-769b446 e-con-full e-flex e-con e-child\" data-id=\"769b446\" data-element_type=\"container\" data-e-type=\"container\">\n\t\t\t\t<div class=\"elementor-element elementor-element-9188e2c elementor-widget elementor-widget-text-editor\" data-id=\"9188e2c\" data-element_type=\"widget\" data-e-type=\"widget\" data-widget_type=\"text-editor.default\">\n\t\t\t\t<div class=\"elementor-widget-container\">\n\t\t\t\t\t\t\t\t\t<p>Le 22 juin 1940, les Allemands bombardent la ville et la base de Rochefort. Seize marins sont tu\u00e9s, dont le contre-amiral Lartigue, chef du service de l&#8217;a\u00e9ronautique navale\u00a0en France, durant la deuxi\u00e8me guerre mondiale.<\/p><p>\u00a0<\/p>\t\t\t\t\t\t\t\t<\/div>\n\t\t\t\t<\/div>\n\t\t\t\t<\/div>\n\t\t\t\t\t<\/div>\n\t\t\t\t<\/div>\n\t\t<div class=\"elementor-element elementor-element-306e964 e-flex e-con-boxed e-con e-parent\" data-id=\"306e964\" data-element_type=\"container\" data-e-type=\"container\">\n\t\t\t\t\t<div class=\"e-con-inner\">\n\t\t\t\t<div class=\"elementor-element elementor-element-13efc8c elementor-widget elementor-widget-text-editor\" data-id=\"13efc8c\" data-element_type=\"widget\" data-e-type=\"widget\" data-widget_type=\"text-editor.default\">\n\t\t\t\t<div class=\"elementor-widget-container\">\n\t\t\t\t\t\t\t\t\t<p style=\"text-align: center;\"><span style=\"color: #1e90ff;\">__________________________________________<\/span><\/p>\t\t\t\t\t\t\t\t<\/div>\n\t\t\t\t<\/div>\n\t\t\t\t\t<\/div>\n\t\t\t\t<\/div>\n\t\t<div class=\"elementor-element elementor-element-65e9bd1 e-flex e-con-boxed e-con e-parent\" data-id=\"65e9bd1\" data-element_type=\"container\" data-e-type=\"container\">\n\t\t\t\t\t<div class=\"e-con-inner\">\n\t\t\t\t<div class=\"elementor-element elementor-element-b199336 elementor-widget elementor-widget-heading\" data-id=\"b199336\" data-element_type=\"widget\" data-e-type=\"widget\" data-widget_type=\"heading.default\">\n\t\t\t\t<div class=\"elementor-widget-container\">\n\t\t\t\t\t<h5 class=\"elementor-heading-title elementor-size-default\">Cr\u00e9ation de l'association<\/h5>\t\t\t\t<\/div>\n\t\t\t\t<\/div>\n\t\t\t\t\t<\/div>\n\t\t\t\t<\/div>\n\t\t<div class=\"elementor-element elementor-element-9f18506 e-flex e-con-boxed e-con e-parent\" data-id=\"9f18506\" data-element_type=\"container\" data-e-type=\"container\">\n\t\t\t\t\t<div class=\"e-con-inner\">\n\t\t<div class=\"elementor-element elementor-element-731bee2 e-con-full e-flex e-con e-child\" data-id=\"731bee2\" data-element_type=\"container\" data-e-type=\"container\">\n\t\t\t\t<div class=\"elementor-element elementor-element-a0fb440 elementor-widget elementor-widget-image\" data-id=\"a0fb440\" data-element_type=\"widget\" data-e-type=\"widget\" data-widget_type=\"image.default\">\n\t\t\t\t<div class=\"elementor-widget-container\">\n\t\t\t\t\t\t\t\t\t\t\t\t<figure class=\"wp-caption\">\n\t\t\t\t\t\t\t\t\t\t<img loading=\"lazy\" decoding=\"async\" width=\"180\" height=\"128\" src=\"https:\/\/museeaeronaval.com\/wp-content\/uploads\/2024\/03\/Inauguration.jpg\" class=\"attachment-large size-large wp-image-617\" alt=\"musee de l&#039;aeronautique navale\" \/>\t\t\t\t\t\t\t\t\t\t\t<figcaption class=\"widget-image-caption wp-caption-text\">Mus\u00e9e de tradition<\/figcaption>\n\t\t\t\t\t\t\t\t\t\t<\/figure>\n\t\t\t\t\t\t\t\t\t<\/div>\n\t\t\t\t<\/div>\n\t\t\t\t<\/div>\n\t\t<div class=\"elementor-element elementor-element-aa7cbc5 e-con-full e-flex e-con e-child\" data-id=\"aa7cbc5\" data-element_type=\"container\" data-e-type=\"container\">\n\t\t\t\t<div class=\"elementor-element elementor-element-4a962ce elementor-widget elementor-widget-text-editor\" data-id=\"4a962ce\" data-element_type=\"widget\" data-e-type=\"widget\" data-widget_type=\"text-editor.default\">\n\t\t\t\t<div class=\"elementor-widget-container\">\n\t\t\t\t\t\t\t\t\t<p><span style=\"font-family: arial, helvetica, sans-serif;\"><strong>1988 :<\/strong> cr\u00e9ation du premier mus\u00e9e de tradition de l&#8217;a\u00e9ronautique navale \u00e0 Rochefort, sur le site du Centre Ecole de l&#8217;A\u00e9ronautique Navale (C.E.A.N ), avec l&#8217;appui du Service Central de l&#8217;A\u00e9ronautique Navale (SC\/A\u00e9ro) &nbsp;<\/span><\/p>\n<p><span style=\"font-family: arial, helvetica, sans-serif;\"><strong>1er novembre 1990<\/strong> : l&#8217;association nationale des amis du mus\u00e9e de l&#8217;a\u00e9ronautique navale est cr\u00e9ee.(A.N.A.M.A.N)<\/span><\/p>\t\t\t\t\t\t\t\t<\/div>\n\t\t\t\t<\/div>\n\t\t\t\t<\/div>\n\t\t\t\t\t<\/div>\n\t\t\t\t<\/div>\n\t\t<div class=\"elementor-element elementor-element-5a2c4ba e-flex e-con-boxed e-con e-parent\" data-id=\"5a2c4ba\" data-element_type=\"container\" data-e-type=\"container\">\n\t\t\t\t\t<div class=\"e-con-inner\">\n\t\t\t\t<div class=\"elementor-element elementor-element-06825e5 elementor-align-center elementor-icon-list--layout-traditional elementor-list-item-link-full_width elementor-widget elementor-widget-icon-list\" data-id=\"06825e5\" data-element_type=\"widget\" data-e-type=\"widget\" data-widget_type=\"icon-list.default\">\n\t\t\t\t<div class=\"elementor-widget-container\">\n\t\t\t\t\t\t\t<ul class=\"elementor-icon-list-items\">\n\t\t\t\t\t\t\t<li class=\"elementor-icon-list-item\">\n\t\t\t\t\t\t\t\t\t\t\t<a href=\"https:\/\/museeaeronaval.com\/?page_id=68\">\n\n\t\t\t\t\t\t\t\t\t\t\t\t<span class=\"elementor-icon-list-icon\">\n\t\t\t\t\t\t\t<svg aria-hidden=\"true\" class=\"e-font-icon-svg e-fas-file-alt\" viewBox=\"0 0 384 512\" xmlns=\"http:\/\/www.w3.org\/2000\/svg\"><path d=\"M224 136V0H24C10.7 0 0 10.7 0 24v464c0 13.3 10.7 24 24 24h336c13.3 0 24-10.7 24-24V160H248c-13.2 0-24-10.8-24-24zm64 236c0 6.6-5.4 12-12 12H108c-6.6 0-12-5.4-12-12v-8c0-6.6 5.4-12 12-12h168c6.6 0 12 5.4 12 12v8zm0-64c0 6.6-5.4 12-12 12H108c-6.6 0-12-5.4-12-12v-8c0-6.6 5.4-12 12-12h168c6.6 0 12 5.4 12 12v8zm0-72v8c0 6.6-5.4 12-12 12H108c-6.6 0-12-5.4-12-12v-8c0-6.6 5.4-12 12-12h168c6.6 0 12 5.4 12 12zm96-114.1v6.1H256V0h6.1c6.4 0 12.5 2.5 17 7l97.9 98c4.5 4.5 7 10.6 7 16.9z\"><\/path><\/svg>\t\t\t\t\t\t<\/span>\n\t\t\t\t\t\t\t\t\t\t<span class=\"elementor-icon-list-text\">En savoir plus...<\/span>\n\t\t\t\t\t\t\t\t\t\t\t<\/a>\n\t\t\t\t\t\t\t\t\t<\/li>\n\t\t\t\t\t\t<\/ul>\n\t\t\t\t\t\t<\/div>\n\t\t\t\t<\/div>\n\t\t\t\t\t<\/div>\n\t\t\t\t<\/div>\n\t\t\t\t<\/div>\n\t\t","protected":false},"excerpt":{"rendered":"<p>Historique Le site 1910 : pour la premi\u00e8re fois, Andr\u00e9 Bellot s&#8217;envole de Rochefort, avec un biplan Voisin. La Marine acquiert son premier avion pour 25.000 francs, un biplan Henri Farman. La m\u00eame ann\u00e9e, l&#8217;\u00e9cole de pilotage de Vincennes accueille sept officiers de la Marine.\u00a0Le croiseur &#8221; La Foudre &#8221; devient le premier porte-hydravions au [&hellip;]<\/p>\n","protected":false},"author":1,"featured_media":0,"parent":0,"menu_order":0,"comment_status":"closed","ping_status":"closed","template":"","meta":{"om_disable_all_campaigns":false,"footnotes":""},"class_list":["post-55","page","type-page","status-publish","hentry"],"aioseo_notices":[],"_links":{"self":[{"href":"https:\/\/museeaeronaval.com\/index.php?rest_route=\/wp\/v2\/pages\/55","targetHints":{"allow":["GET"]}}],"collection":[{"href":"https:\/\/museeaeronaval.com\/index.php?rest_route=\/wp\/v2\/pages"}],"about":[{"href":"https:\/\/museeaeronaval.com\/index.php?rest_route=\/wp\/v2\/types\/page"}],"author":[{"embeddable":true,"href":"https:\/\/museeaeronaval.com\/index.php?rest_route=\/wp\/v2\/users\/1"}],"replies":[{"embeddable":true,"href":"https:\/\/museeaeronaval.com\/index.php?rest_route=%2Fwp%2Fv2%2Fcomments&post=55"}],"version-history":[{"count":32,"href":"https:\/\/museeaeronaval.com\/index.php?rest_route=\/wp\/v2\/pages\/55\/revisions"}],"predecessor-version":[{"id":1577,"href":"https:\/\/museeaeronaval.com\/index.php?rest_route=\/wp\/v2\/pages\/55\/revisions\/1577"}],"wp:attachment":[{"href":"https:\/\/museeaeronaval.com\/index.php?rest_route=%2Fwp%2Fv2%2Fmedia&parent=55"}],"curies":[{"name":"wp","href":"https:\/\/api.w.org\/{rel}","templated":true}]}}